{"id":4,"date":"2014-04-15T20:42:30","date_gmt":"2014-04-15T20:42:30","guid":{"rendered":"http:\/\/in-sight.eu\/?page_id=4"},"modified":"2025-12-15T11:14:46","modified_gmt":"2025-12-15T11:14:46","slug":"forside","status":"publish","type":"page","link":"http:\/\/in-sight.eu\/","title":{"rendered":"Forside"},"content":{"rendered":"<p><span style=\"font-family: 'trebuchet ms', geneva, sans-serif; font-size: 14pt;\">I \u00e5r afholder jeg igen yogaferie i Molivos, p\u00e5 den gr\u00e6ske \u00f8 Lesbos. <br \/><span style=\"text-decoration: underline;\">21.-28.juni 2026.<\/span><br \/>Tjek det ud under <a href=\"https:\/\/in-sight.eu\/?page_id=554\">Yogarejser<\/a>.<\/span><\/p>\n<p><span style=\"font-family: 'trebuchet ms', geneva, sans-serif; font-size: 16pt;\"><span style=\"color: #b20000;\">Ugentlige hold<\/span><\/span><\/p>\n<p><span style=\"font-family: trebuchet ms,geneva,sans-serif; font-size: 12pt;\">Se mine hold p\u00e5 <a href=\"http:\/\/www.noerrebrofysioterapi.dk\/hold\/\" target=\"_blank\" rel=\"noopener noreferrer\">N\u00f8rrebro Fysioterapi<\/a>.<\/span><\/p>\n<ul>\n<li><span style=\"font-family: trebuchet ms,geneva,sans-serif; font-size: 12pt;\"><strong>Slow Yoga<br \/><\/strong>mandag kl. 19 &#8211; 20<br \/><\/span><span style=\"font-family: trebuchet ms,geneva,sans-serif; font-size: 12pt;\">onsdag kl. 18 &#8211; 19<br \/>torsdage kl. 09- 10<br \/>torsdag kl. 19 &#8211; 20<br \/>fredag kl. 09 &#8211; 10<\/span><br \/><span style=\"font-family: 'trebuchet ms', geneva, sans-serif;\">fredag kl. 11 &#8211; -12<\/span><br \/><span style=\"font-family: 'trebuchet ms', geneva, sans-serif;\">s\u00f8ndag kl. 10 &#8211; 11<\/span><\/li>\n<li><strong><span style=\"font-family: 'trebuchet ms', geneva, sans-serif;\">Yin med Restorativ Yoga<\/span><\/strong><br \/><span style=\"font-family: 'trebuchet ms', geneva, sans-serif;\">mandag kl. 20 -21<br \/>onsdag kl. 19 &#8211; 20<br \/>torsdag kl. 20 &#8211; 21<br \/>s\u00f8ndag kl. 11 &#8211; 12<\/span><\/li>\n<\/ul>\n<hr \/>\n<p><span style=\"font-family: 'trebuchet ms', geneva, sans-serif; font-size: 12pt;\"><strong>Yogaterapi enetimer<br \/>Yoga for virksomheder<br \/><\/strong>Aftales p\u00e5 telefon 20 64 58 19 eller skriv til iris@in-sight.eu<br \/><\/span><\/p>\n<hr \/>\n<p><!-- <span style=\"color: #ffffff;\"><span style=\"font-family: 'trebuchet ms', geneva; font-size: 12pt;\">Alle ovenst\u00e5ende kurser finder sted p\u00e5: <b>In-Sight Yoga, Struenseegade 13A, 1., 2200 K\u00f8benhavn N<\/b>, undtagen Familieopstillinger og Clearing 1<\/span><\/span> --><\/p>\n<p><span style=\"font-family: 'trebuchet ms', geneva, sans-serif; font-size: 14pt; color: #b20000;\">Se ogs\u00e5:<\/span><\/p>\n<p><br \/><span style=\"font-family: 'trebuchet ms', geneva, sans-serif;\">Elisa Sch\u00fcler-Mombaur vender tilbage med Systemiske Familieopstillinger til for\u00e5ret 2026. Se det her <a href=\"https:\/\/hellinger.dk\/\" target=\"_blank\" rel=\"noopener\">www.hellinger.dk<\/a><\/span><\/p>\n<hr id=\"null\" \/>\n<div style=\"text-align: center;\"><span style=\"font-family: 'trebuchet ms', geneva, sans-serif; font-size: 12pt;\">In-Sight v\/Iris U. Schneider, Dagmarsgade\u00a05, 4. th., 2200 K\u00f8benhavn N, CVR: 13798192<br \/><\/span><\/div>\n<div>\u00a0<\/div>\n<div>\u00a0<\/div>\n\n\n<p><\/p>\n","protected":false},"excerpt":{"rendered":"<p>I \u00e5r afholder jeg igen yogaferie i Molivos, p\u00e5 den gr\u00e6ske \u00f8 Lesbos. 21.-28.juni 2026.Tjek det ud under Yogarejser. Ugentlige hold Se mine hold p\u00e5 N\u00f8rrebro Fysioterapi. Slow Yogamandag kl. 19 &#8211; 20onsdag kl. 18 &#8211; 19torsdage kl. 09- 10torsdag &hellip; <a href=\"http:\/\/in-sight.eu\/\">L\u00e6s resten <span class=\"meta-nav\">&rarr;<\/span><\/a><\/p>\n","protected":false},"author":1,"featured_media":0,"parent":0,"menu_order":1,"comment_status":"closed","ping_status":"closed","template":"onecolumn-page.php","meta":{"footnotes":""},"class_list":["post-4","page","type-page","status-publish","hentry"],"_links":{"self":[{"href":"http:\/\/in-sight.eu\/index.php?rest_route=\/wp\/v2\/pages\/4","targetHints":{"allow":["GET"]}}],"collection":[{"href":"http:\/\/in-sight.eu\/index.php?rest_route=\/wp\/v2\/pages"}],"about":[{"href":"http:\/\/in-sight.eu\/index.php?rest_route=\/wp\/v2\/types\/page"}],"author":[{"embeddable":true,"href":"http:\/\/in-sight.eu\/index.php?rest_route=\/wp\/v2\/users\/1"}],"replies":[{"embeddable":true,"href":"http:\/\/in-sight.eu\/index.php?rest_route=%2Fwp%2Fv2%2Fcomments&post=4"}],"version-history":[{"count":183,"href":"http:\/\/in-sight.eu\/index.php?rest_route=\/wp\/v2\/pages\/4\/revisions"}],"predecessor-version":[{"id":625,"href":"http:\/\/in-sight.eu\/index.php?rest_route=\/wp\/v2\/pages\/4\/revisions\/625"}],"wp:attachment":[{"href":"http:\/\/in-sight.eu\/index.php?rest_route=%2Fwp%2Fv2%2Fmedia&parent=4"}],"curies":[{"name":"wp","href":"https:\/\/api.w.org\/{rel}","templated":true}]}}